{"id":20,"date":"2014-03-11T19:05:16","date_gmt":"2014-03-11T19:05:16","guid":{"rendered":"http:\/\/www.esmeth.com\/wp\/?page_id=20"},"modified":"2020-09-23T19:50:06","modified_gmt":"2020-09-23T18:50:06","slug":"home","status":"publish","type":"page","link":"http:\/\/knfsh.al\/en\/","title":{"rendered":"Home"},"content":{"rendered":"<h2>Welcome to the page of the Interfaith Council of Albania<\/h2>\n<p><strong>Albania's Interreligious Council was established on October 22, 2007 by the leaders of the traditional religious communities in Albania, Muslim Community of Albania, Orthodox Autocephalous Church of Albania, Catholic Church of Albania and Bektashi World Headquarters.<\/strong><\/p>\n<h2>Activities<\/h2>\n<style type='text\/css' media='all'>#rt-tpg-container-1752416938 .rt-holder .rt-woo-info .price{color:#0367bf;}body .rt-tpg-container .rt-tpg-isotope-buttons .selected,\n\t\t\t\t\t#rt-tpg-container-1752416938 .layout12 .rt-holder:hover .rt-detail,\n\t\t\t\t\t#rt-tpg-container-1752416938 .isotope8 .rt-holder:hover .rt-detail,\n\t\t\t\t\t#rt-tpg-container-1752416938 .carousel8 .rt-holder:hover .rt-detail,\n\t\t\t\t\t#rt-tpg-container-1752416938 .layout13 .rt-holder .overlay .post-info,\n\t\t\t\t\t#rt-tpg-container-1752416938 .isotope9 .rt-holder .overlay .post-info,\n\t\t\t\t\t#rt-tpg-container-1752416938.rt-tpg-container .layout4 .rt-holder .rt-detail,\n\t\t\t\t\t.rt-modal-1752416938 .md-content,\n\t\t\t\t\t.rt-modal-1752416938 .md-content > .rt-md-content-holder .rt-md-content,\n\t\t\t\t\t.rt-popup-wrap-1752416938.rt-popup-wrap .rt-popup-navigation-wrap,\n\t\t\t\t\t#rt-tpg-container-1752416938 .carousel9 .rt-holder .overlay .post-info{background-color:#0367bf;}#rt-tpg-container-1752416938 .layout5 .rt-holder .overlay, #rt-tpg-container-1752416938 .isotope2 .rt-holder .overlay, #rt-tpg-container-1752416938 .carousel2 .rt-holder .overlay,#rt-tpg-container-1752416938 .layout15 .rt-holder h3, #rt-tpg-container-1752416938 .isotope11 .rt-holder h3, #rt-tpg-container-1752416938 .carousel11 .rt-holder h3, #rt-tpg-container-1752416938 .layout16 .rt-holder h3,\n\t\t\t\t\t#rt-tpg-container-1752416938 .isotope12 .rt-holder h3, #rt-tpg-container-1752416938 .carousel12 .rt-holder h3 {background-color:rgba(3,103,191,0.8);}#rt-tpg-container-1752416938 .read-more a{border-radius:px;}#rt-tpg-container-1752416938 .rt-img-holder img.rt-img-responsive,#rt-tpg-container-1752416938 .rt-img-holder,\n\t\t\t\t\t#rt-tpg-container-1752416938 .rt-post-overlay .post-img,\n\t\t\t\t\t#rt-tpg-container-1752416938 .post-sm .post-img,\n\t\t\t\t\t#rt-tpg-container-1752416938 .rt-post-grid .post-img,\n\t\t\t\t\t#rt-tpg-container-1752416938 .post-img img {border-radius:px;}<\/style><div class='rt-container-fluid rt-tpg-container tpg-shortcode-main-wrapper' id='rt-tpg-container-1752416938'   data-layout='layout1' data-grid-style='even' data-desktop-col='2'  data-tab-col='2'  data-mobile-col='1' data-sc-id='285'><div data-title='Loading ...' class='rt-row rt-content-loader   layout1 tpg-even'><div class=\"rt-col-md-6 rt-col-sm-6 rt-col-xs-12 even-grid-item rt-grid-item\" data-id=\"2972\"><div class=\"rt-holder\"><div class=\"rt-img-holder\"><a data-id=\"2972\" class=\"\" href=\"http:\/\/knfsh.al\/en\/zhvillohet-mbledhja-e-bordit-te-presidences-te-keshillit-nderfetar-te-shqiperise\/\"><img loading=\"lazy\" decoding=\"async\" width=\"300\" height=\"163\" src=\"https:\/\/knfsh.al\/wp-content\/uploads\/2026\/01\/DSC_9783-300x163.jpg\" class=\"rt-img-responsive\" alt=\"\" \/><\/a><\/div><div class='rt-detail'><h2 class=\"entry-title\"><a data-id=\"2972\" class=\"\" href=\"http:\/\/knfsh.al\/en\/zhvillohet-mbledhja-e-bordit-te-presidences-te-keshillit-nderfetar-te-shqiperise\/\">Zhvillohet mbledhja e Bordit t\u00eb Presidenc\u00ebs t\u00eb K\u00ebshillit Nd\u00ebrfetar t\u00eb Shqip\u00ebris\u00eb<\/a><\/h2><div class='tpg-excerpt'>Tiran\u00eb, 5 janar 2026 \u2013 Bordi i Presidenc\u00ebs s\u00eb K\u00ebshillit Nd\u00ebrfetar t\u00eb Shqip\u00ebris\u00eb (KNFSH) ka zhvilluar dit\u00ebn e h\u00ebn\u00eb, m\u00eb 5 janar 2026, mbledhjen e par\u00eb t\u00eb vitit 2026. N\u00eb...<\/div><div class='post-meta'><span class='read-more'><a data-id='2972' class='' href='http:\/\/knfsh.al\/en\/zhvillohet-mbledhja-e-bordit-te-presidences-te-keshillit-nderfetar-te-shqiperise\/'>Read More<\/a><\/span><\/div><\/div><\/div><\/div><div class=\"rt-col-md-6 rt-col-sm-6 rt-col-xs-12 even-grid-item rt-grid-item\" data-id=\"2952\"><div class=\"rt-holder\"><div class=\"rt-img-holder\"><a data-id=\"2952\" class=\"\" href=\"http:\/\/knfsh.al\/en\/zhvillohet-mbledhja-e-bordit-te-presidences-se-keshillit-nderfetar\/\"><img loading=\"lazy\" decoding=\"async\" width=\"300\" height=\"186\" src=\"https:\/\/knfsh.al\/wp-content\/uploads\/2025\/11\/Bordi-i-Presidences-300x186.jpg\" class=\"rt-img-responsive\" alt=\"\" \/><\/a><\/div><div class='rt-detail'><h2 class=\"entry-title\"><a data-id=\"2952\" class=\"\" href=\"http:\/\/knfsh.al\/en\/zhvillohet-mbledhja-e-bordit-te-presidences-se-keshillit-nderfetar\/\">Zhvillohet mbledhja e Bordit t\u00eb Presidenc\u00ebs s\u00eb K\u00ebshillit Nd\u00ebrfetar<\/a><\/h2><div class='tpg-excerpt'>M\u00eb 18 n\u00ebntor 2025 u zhvillua mbledhja e Bordit t\u00eb Presidenc\u00ebs s\u00eb K\u00ebshillit Nd\u00ebrfetar t\u00eb Shqip\u00ebris\u00eb (KNFSH). Takimi u hap dhe u drejtua nga Kryetari i KNFSH-s\u00eb, Mons. Gjergj Meta...<\/div><div class='post-meta'><span class='read-more'><a data-id='2952' class='' href='http:\/\/knfsh.al\/en\/zhvillohet-mbledhja-e-bordit-te-presidences-se-keshillit-nderfetar\/'>Read More<\/a><\/span><\/div><\/div><\/div><\/div><\/div><\/div><time datetime=\"March 11, 2014\"><\/time><\/p>\n<h2>Conference<\/h2>\n<style type='text\/css' media='all'>#rt-tpg-container-4245071475 .rt-holder .rt-woo-info .price{color:#0367bf;}body .rt-tpg-container .rt-tpg-isotope-buttons .selected,\n\t\t\t\t\t#rt-tpg-container-4245071475 .layout12 .rt-holder:hover .rt-detail,\n\t\t\t\t\t#rt-tpg-container-4245071475 .isotope8 .rt-holder:hover .rt-detail,\n\t\t\t\t\t#rt-tpg-container-4245071475 .carousel8 .rt-holder:hover .rt-detail,\n\t\t\t\t\t#rt-tpg-container-4245071475 .layout13 .rt-holder .overlay .post-info,\n\t\t\t\t\t#rt-tpg-container-4245071475 .isotope9 .rt-holder .overlay .post-info,\n\t\t\t\t\t#rt-tpg-container-4245071475.rt-tpg-container .layout4 .rt-holder .rt-detail,\n\t\t\t\t\t.rt-modal-4245071475 .md-content,\n\t\t\t\t\t.rt-modal-4245071475 .md-content > .rt-md-content-holder .rt-md-content,\n\t\t\t\t\t.rt-popup-wrap-4245071475.rt-popup-wrap .rt-popup-navigation-wrap,\n\t\t\t\t\t#rt-tpg-container-4245071475 .carousel9 .rt-holder .overlay .post-info{background-color:#0367bf;}#rt-tpg-container-4245071475 .layout5 .rt-holder .overlay, #rt-tpg-container-4245071475 .isotope2 .rt-holder .overlay, #rt-tpg-container-4245071475 .carousel2 .rt-holder .overlay,#rt-tpg-container-4245071475 .layout15 .rt-holder h3, #rt-tpg-container-4245071475 .isotope11 .rt-holder h3, #rt-tpg-container-4245071475 .carousel11 .rt-holder h3, #rt-tpg-container-4245071475 .layout16 .rt-holder h3,\n\t\t\t\t\t#rt-tpg-container-4245071475 .isotope12 .rt-holder h3, #rt-tpg-container-4245071475 .carousel12 .rt-holder h3 {background-color:rgba(3,103,191,0.8);}#rt-tpg-container-4245071475 .read-more a{border-radius:px;}#rt-tpg-container-4245071475 .rt-img-holder img.rt-img-responsive,#rt-tpg-container-4245071475 .rt-img-holder,\n\t\t\t\t\t#rt-tpg-container-4245071475 .rt-post-overlay .post-img,\n\t\t\t\t\t#rt-tpg-container-4245071475 .post-sm .post-img,\n\t\t\t\t\t#rt-tpg-container-4245071475 .rt-post-grid .post-img,\n\t\t\t\t\t#rt-tpg-container-4245071475 .post-img img {border-radius:px;}<\/style><div class='rt-container-fluid rt-tpg-container tpg-shortcode-main-wrapper' id='rt-tpg-container-4245071475'   data-layout='layout1' data-grid-style='even' data-desktop-col='2'  data-tab-col='2'  data-mobile-col='1' data-sc-id='294'><div data-title='Loading ...' class='rt-row rt-content-loader   layout1 tpg-even'><div class=\"rt-col-md-6 rt-col-sm-6 rt-col-xs-12 even-grid-item rt-grid-item\" data-id=\"2586\"><div class=\"rt-holder\"><div class=\"rt-img-holder\"><a data-id=\"2586\" class=\"\" href=\"http:\/\/knfsh.al\/en\/simpozium-nderkombetar-mbi-rolin-e-aktoreve-te-besimit-ne-ruajtjen-e-mjedisit-rasti-i-shqiperise\/\"><img loading=\"lazy\" decoding=\"async\" width=\"360\" height=\"220\" src=\"https:\/\/knfsh.al\/wp-content\/uploads\/2025\/04\/744A9955-360x220.jpg\" class=\"rt-img-responsive\" alt=\"\" \/><\/a><\/div><div class='rt-detail'><h2 class=\"entry-title\"><a data-id=\"2586\" class=\"\" href=\"http:\/\/knfsh.al\/en\/simpozium-nderkombetar-mbi-rolin-e-aktoreve-te-besimit-ne-ruajtjen-e-mjedisit-rasti-i-shqiperise\/\">Simpozium nd\u00ebrkomb\u00ebtar mbi rolin e aktor\u00ebve t\u00eb besimit n\u00eb ruajtjen e mjedisit: Rasti i Shqip\u00ebris\u00eb<\/a><\/h2><div class='post-meta-user'><span class='date'><i class='far fa-calendar-alt'><\/i>April 10, 2025<\/span><\/div><div class='tpg-excerpt'>Tiran\u00eb, 10 Prill 2025 &#8211; K\u00ebshilli Nd\u00ebrfetar i Shqip\u00ebris\u00eb ka zhvilluar n\u00eb bashk\u00ebpunim me Universitetin Bed\u00ebr nj\u00eb simpozium nd\u00ebrfetar dhe...<\/div><div class='post-meta'><span class='read-more'><a data-id='2586' class='' href='http:\/\/knfsh.al\/en\/simpozium-nderkombetar-mbi-rolin-e-aktoreve-te-besimit-ne-ruajtjen-e-mjedisit-rasti-i-shqiperise\/'>Read More<\/a><\/span><\/div><\/div><\/div><\/div><div class=\"rt-col-md-6 rt-col-sm-6 rt-col-xs-12 even-grid-item rt-grid-item\" data-id=\"2423\"><div class=\"rt-holder\"><div class=\"rt-img-holder\"><a data-id=\"2423\" class=\"\" href=\"http:\/\/knfsh.al\/en\/keshilli-nderfetar-i-shqiperise-trajnim-per-forcimin-e-dialogut-nderfetar-dhe-luften-kunder-ekstremizmit\/\"><img loading=\"lazy\" decoding=\"async\" width=\"360\" height=\"220\" src=\"https:\/\/knfsh.al\/wp-content\/uploads\/2024\/11\/hedayeh-360x220.jpg\" class=\"rt-img-responsive\" alt=\"\" \/><\/a><\/div><div class='rt-detail'><h2 class=\"entry-title\"><a data-id=\"2423\" class=\"\" href=\"http:\/\/knfsh.al\/en\/keshilli-nderfetar-i-shqiperise-trajnim-per-forcimin-e-dialogut-nderfetar-dhe-luften-kunder-ekstremizmit\/\">K\u00ebshilli Nd\u00ebrfetar i Shqip\u00ebris\u00eb trajnim p\u00ebr forcimin e dialogut nd\u00ebrfetar dhe luft\u00ebn kund\u00ebr ekstremizmit<\/a><\/h2><div class='post-meta-user'><span class='date'><i class='far fa-calendar-alt'><\/i>November 25, 2024<\/span><\/div><div class='tpg-excerpt'>Tiran\u00eb, 13 n\u00ebntor 2024 \u2013 K\u00ebshilli Nd\u00ebrfetar i Shqip\u00ebris\u00eb zhvilloi nj\u00eb trajnim tre ditor p\u00ebr an\u00ebtar\u00ebt e Bordit Ekzekutiv, Departamentit t\u00eb Gruas dhe...<\/div><div class='post-meta'><span class='read-more'><a data-id='2423' class='' href='http:\/\/knfsh.al\/en\/keshilli-nderfetar-i-shqiperise-trajnim-per-forcimin-e-dialogut-nderfetar-dhe-luften-kunder-ekstremizmit\/'>Read More<\/a><\/span><\/div><\/div><\/div><\/div><div class=\"rt-col-md-6 rt-col-sm-6 rt-col-xs-12 even-grid-item rt-grid-item\" data-id=\"2143\"><div class=\"rt-holder\"><div class=\"rt-img-holder\"><a data-id=\"2143\" class=\"\" href=\"http:\/\/knfsh.al\/en\/zhvillohet-konferenca-nderfetare-ne-shkoder-hapat-drejt-dialogut-dhe-harmonise-nderfetare\/\"><img loading=\"lazy\" decoding=\"async\" width=\"360\" height=\"220\" src=\"https:\/\/knfsh.al\/wp-content\/uploads\/2023\/12\/arka-360x220.jpg\" class=\"rt-img-responsive\" alt=\"\" \/><\/a><\/div><div class='rt-detail'><h2 class=\"entry-title\"><a data-id=\"2143\" class=\"\" href=\"http:\/\/knfsh.al\/en\/zhvillohet-konferenca-nderfetare-ne-shkoder-hapat-drejt-dialogut-dhe-harmonise-nderfetare\/\">Zhvillohet konferenca nd\u00ebrfetare n\u00eb Shkod\u00ebr:\u00a0\u201cHapat drejt dialogut dhe harmonis\u00eb nd\u00ebrfetare\u201d<\/a><\/h2><div class='post-meta-user'><span class='date'><i class='far fa-calendar-alt'><\/i>December 12, 2023<\/span><\/div><div class='tpg-excerpt'>\u00cbsht\u00eb zhvilluar n\u00eb Shkod\u00ebr Konferenca Nd\u00ebrfetare \u201cHapat drejt dialogut dhe harmonis\u00eb nd\u00ebrfetare\u201d. N\u00eb ceremonin\u00eb e hapjes ishin t\u00eb pranish\u00ebm Kryetari i...<\/div><div class='post-meta'><span class='read-more'><a data-id='2143' class='' href='http:\/\/knfsh.al\/en\/zhvillohet-konferenca-nderfetare-ne-shkoder-hapat-drejt-dialogut-dhe-harmonise-nderfetare\/'>Read More<\/a><\/span><\/div><\/div><\/div><\/div><div class=\"rt-col-md-6 rt-col-sm-6 rt-col-xs-12 even-grid-item rt-grid-item\" data-id=\"2131\"><div class=\"rt-holder\"><div class=\"rt-img-holder\"><a data-id=\"2131\" class=\"\" href=\"http:\/\/knfsh.al\/en\/sekretari-i-pergjithshem-i-knfsh-se-pjese-e-forumit-te-dialogut-te-politikave-evropiane-hollande\/\"><img loading=\"lazy\" decoding=\"async\" width=\"360\" height=\"220\" src=\"https:\/\/knfsh.al\/wp-content\/uploads\/2023\/11\/DSC03102-Enhanced-NR-360x220.jpg\" class=\"rt-img-responsive\" alt=\"\" \/><\/a><\/div><div class='rt-detail'><h2 class=\"entry-title\"><a data-id=\"2131\" class=\"\" href=\"http:\/\/knfsh.al\/en\/sekretari-i-pergjithshem-i-knfsh-se-pjese-e-forumit-te-dialogut-te-politikave-evropiane-hollande\/\">Sekretari i P\u00ebrgjithsh\u00ebm i KNFSH-s\u00eb, pjes\u00eb e Forumit t\u00eb Dialogut t\u00eb Politikave Evropiane, Holland\u00eb<\/a><\/h2><div class='post-meta-user'><span class='date'><i class='far fa-calendar-alt'><\/i>November 28, 2023<\/span><\/div><div class='tpg-excerpt'>Sekretari i P\u00ebrgjithsh\u00ebm i K\u00ebshillit Nd\u00ebrfetar t\u00eb Shqip\u00ebris\u00eb dhe nj\u00ebkoh\u00ebsisht zv\/president i K\u00ebshillave Nd\u00ebrfetar\u00eb t\u00eb Evrop\u00ebs (European National...<\/div><div class='post-meta'><span class='read-more'><a data-id='2131' class='' href='http:\/\/knfsh.al\/en\/sekretari-i-pergjithshem-i-knfsh-se-pjese-e-forumit-te-dialogut-te-politikave-evropiane-hollande\/'>Read More<\/a><\/span><\/div><\/div><\/div><\/div><div class=\"rt-col-md-6 rt-col-sm-6 rt-col-xs-12 even-grid-item rt-grid-item\" data-id=\"2092\"><div class=\"rt-holder\"><div class=\"rt-img-holder\"><a data-id=\"2092\" class=\"\" href=\"http:\/\/knfsh.al\/en\/knfsh-merr-pjese-ne-asamblene-evropiane-te-keshillave-nderfetare-te-europes\/\"><img loading=\"lazy\" decoding=\"async\" width=\"360\" height=\"220\" src=\"https:\/\/knfsh.al\/wp-content\/uploads\/2023\/10\/European-RfP-Assembly-360x220.png\" class=\"rt-img-responsive\" alt=\"\" \/><\/a><\/div><div class='rt-detail'><h2 class=\"entry-title\"><a data-id=\"2092\" class=\"\" href=\"http:\/\/knfsh.al\/en\/knfsh-merr-pjese-ne-asamblene-evropiane-te-keshillave-nderfetare-te-europes\/\">KNFSH merr pjes\u00eb n\u00eb Asamblen\u00eb Evropiane t\u00eb K\u00ebshillave Nd\u00ebrfetar\u00eb t\u00eb Europ\u00ebs<\/a><\/h2><div class='post-meta-user'><span class='date'><i class='far fa-calendar-alt'><\/i>October 12, 2023<\/span><\/div><div class='tpg-excerpt'>K\u00ebshilli Nd\u00ebrfetar i Shqip\u00ebris\u00eb merr pjes\u00eb n\u00eb Asamblen\u00eb Evropiane t\u00eb K\u00ebshillave Nd\u00ebrfetar\u00eb t\u00eb Europ\u00ebs, organizuar nga \u201cReligions for Peace, Europe\u201d...<\/div><div class='post-meta'><span class='read-more'><a data-id='2092' class='' href='http:\/\/knfsh.al\/en\/knfsh-merr-pjese-ne-asamblene-evropiane-te-keshillave-nderfetare-te-europes\/'>Read More<\/a><\/span><\/div><\/div><\/div><\/div><\/div><\/div>\n<h2>Press Release<\/h2>\n<style type='text\/css' media='all'>#rt-tpg-container-2584081084 .rt-holder .rt-woo-info .price{color:#0367bf;}body .rt-tpg-container .rt-tpg-isotope-buttons .selected,\n\t\t\t\t\t#rt-tpg-container-2584081084 .layout12 .rt-holder:hover .rt-detail,\n\t\t\t\t\t#rt-tpg-container-2584081084 .isotope8 .rt-holder:hover .rt-detail,\n\t\t\t\t\t#rt-tpg-container-2584081084 .carousel8 .rt-holder:hover .rt-detail,\n\t\t\t\t\t#rt-tpg-container-2584081084 .layout13 .rt-holder .overlay .post-info,\n\t\t\t\t\t#rt-tpg-container-2584081084 .isotope9 .rt-holder .overlay .post-info,\n\t\t\t\t\t#rt-tpg-container-2584081084.rt-tpg-container .layout4 .rt-holder .rt-detail,\n\t\t\t\t\t.rt-modal-2584081084 .md-content,\n\t\t\t\t\t.rt-modal-2584081084 .md-content > .rt-md-content-holder .rt-md-content,\n\t\t\t\t\t.rt-popup-wrap-2584081084.rt-popup-wrap .rt-popup-navigation-wrap,\n\t\t\t\t\t#rt-tpg-container-2584081084 .carousel9 .rt-holder .overlay .post-info{background-color:#0367bf;}#rt-tpg-container-2584081084 .layout5 .rt-holder .overlay, #rt-tpg-container-2584081084 .isotope2 .rt-holder .overlay, #rt-tpg-container-2584081084 .carousel2 .rt-holder .overlay,#rt-tpg-container-2584081084 .layout15 .rt-holder h3, #rt-tpg-container-2584081084 .isotope11 .rt-holder h3, #rt-tpg-container-2584081084 .carousel11 .rt-holder h3, #rt-tpg-container-2584081084 .layout16 .rt-holder h3,\n\t\t\t\t\t#rt-tpg-container-2584081084 .isotope12 .rt-holder h3, #rt-tpg-container-2584081084 .carousel12 .rt-holder h3 {background-color:rgba(3,103,191,0.8);}#rt-tpg-container-2584081084 .read-more a{border-radius:px;}#rt-tpg-container-2584081084 .rt-img-holder img.rt-img-responsive,#rt-tpg-container-2584081084 .rt-img-holder,\n\t\t\t\t\t#rt-tpg-container-2584081084 .rt-post-overlay .post-img,\n\t\t\t\t\t#rt-tpg-container-2584081084 .post-sm .post-img,\n\t\t\t\t\t#rt-tpg-container-2584081084 .rt-post-grid .post-img,\n\t\t\t\t\t#rt-tpg-container-2584081084 .post-img img {border-radius:px;}<\/style><div class='rt-container-fluid rt-tpg-container tpg-shortcode-main-wrapper' id='rt-tpg-container-2584081084'   data-layout='layout1' data-grid-style='even' data-desktop-col='2'  data-tab-col='2'  data-mobile-col='1' data-sc-id='675'><div data-title='Loading ...' class='rt-row rt-content-loader   layout1 tpg-even'><div class=\"rt-col-md-6 rt-col-sm-6 rt-col-xs-12 even-grid-item rt-grid-item\" data-id=\"2928\"><div class=\"rt-holder\"><div class=\"rt-img-holder\"><a data-id=\"2928\" class=\"\" href=\"http:\/\/knfsh.al\/en\/deklarate-per-shtyp-5\/\"><img loading=\"lazy\" decoding=\"async\" width=\"360\" height=\"220\" src=\"https:\/\/knfsh.al\/wp-content\/uploads\/2019\/04\/logo-KNFSH_Page_1-360x220.jpg\" class=\"rt-img-responsive\" alt=\"\" \/><\/a><\/div><div class='rt-detail'><h2 class=\"entry-title\"><a data-id=\"2928\" class=\"\" href=\"http:\/\/knfsh.al\/en\/deklarate-per-shtyp-5\/\">Deklarat\u00eb p\u00ebr shtyp lidhur me projektligjin \u201cP\u00ebr barazin\u00eb gjinore\u201d<\/a><\/h2><div class='post-meta-user'><span class='date'><i class='far fa-calendar-alt'><\/i>November 5, 2025<\/span><\/div><div class='tpg-excerpt'>5.11.2025 &#8211; K\u00ebshilli Nd\u00ebrfetar i Shqip\u00ebris\u00eb, rithekson edhe nj\u00eb her\u00eb q\u00ebndrimin e tij zyrtar, t\u00eb shprehur n\u00eb letr\u00ebn dhe deklarat\u00ebn e m\u00ebparshme, lidhur me projektligjin \u201cP\u00ebr barazin\u00eb gjinore\u201d. KNFSH q\u00ebndron...<\/div><div class='post-meta'><span class='read-more'><a data-id='2928' class='' href='http:\/\/knfsh.al\/en\/deklarate-per-shtyp-5\/'>Read More<\/a><\/span><\/div><\/div><\/div><\/div><div class=\"rt-col-md-6 rt-col-sm-6 rt-col-xs-12 even-grid-item rt-grid-item\" data-id=\"2884\"><div class=\"rt-holder\"><div class=\"rt-img-holder\"><a data-id=\"2884\" class=\"\" href=\"http:\/\/knfsh.al\/en\/falenderim\/\"><img loading=\"lazy\" decoding=\"async\" width=\"360\" height=\"220\" src=\"https:\/\/knfsh.al\/wp-content\/uploads\/2025\/10\/logo-KNFSH_Page_1-360x220.jpg\" class=\"rt-img-responsive\" alt=\"\" \/><\/a><\/div><div class='rt-detail'><h2 class=\"entry-title\"><a data-id=\"2884\" class=\"\" href=\"http:\/\/knfsh.al\/en\/falenderim\/\">Fal\u00ebnderim!<\/a><\/h2><div class='post-meta-user'><span class='date'><i class='far fa-calendar-alt'><\/i>October 16, 2025<\/span><\/div><div class='tpg-excerpt'>K\u00ebshilli Nd\u00ebrfetar i Shqip\u00ebris\u00eb fal\u00ebnderon pozit\u00ebn, opozit\u00ebn dhe mediat p\u00ebr q\u00ebndrimin p\u00ebrgjegj\u00ebs n\u00eb lidhje me projektligjin p\u00ebr barazin\u00eb gjinore Tiran\u00eb, 16 tetor 2025 \u2013 K\u00ebshilli Nd\u00ebrfetar i Shqip\u00ebris\u00eb ka shprehur...<\/div><div class='post-meta'><span class='read-more'><a data-id='2884' class='' href='http:\/\/knfsh.al\/en\/falenderim\/'>Read More<\/a><\/span><\/div><\/div><\/div><\/div><div class=\"rt-col-md-6 rt-col-sm-6 rt-col-xs-12 even-grid-item rt-grid-item\" data-id=\"2848\"><div class=\"rt-holder\"><div class=\"rt-img-holder\"><a data-id=\"2848\" class=\"\" href=\"http:\/\/knfsh.al\/en\/deklarate-per-shtyp-4\/\"><img loading=\"lazy\" decoding=\"async\" width=\"360\" height=\"220\" src=\"https:\/\/knfsh.al\/wp-content\/uploads\/2025\/09\/Mbledhje-e-perbashket-1-360x220.jpeg\" class=\"rt-img-responsive\" alt=\"\" \/><\/a><\/div><div class='rt-detail'><h2 class=\"entry-title\"><a data-id=\"2848\" class=\"\" href=\"http:\/\/knfsh.al\/en\/deklarate-per-shtyp-4\/\">Press Release<\/a><\/h2><div class='post-meta-user'><span class='date'><i class='far fa-calendar-alt'><\/i>September 23, 2025<\/span><\/div><div class='tpg-excerpt'>Komunitetet fetare n\u00eb Shqip\u00ebri vler\u00ebsojn\u00eb r\u00ebnd\u00ebsin\u00eb e barazis\u00eb n\u00eb p\u00ebrfshirjen sociale dhe n\u00eb mosdiskriminim, sepse kjo pasqyron barazin\u00eb e dinjitetit, q\u00eb t\u00eb gjith\u00eb njer\u00ebzit kan\u00eb p\u00ebrpara Zotit. Nisur nga k\u00ebto...<\/div><div class='post-meta'><span class='read-more'><a data-id='2848' class='' href='http:\/\/knfsh.al\/en\/deklarate-per-shtyp-4\/'>Read More<\/a><\/span><\/div><\/div><\/div><\/div><div class=\"rt-col-md-6 rt-col-sm-6 rt-col-xs-12 even-grid-item rt-grid-item\" data-id=\"2814\"><div class=\"rt-holder\"><div class=\"rt-img-holder\"><a data-id=\"2814\" class=\"\" href=\"http:\/\/knfsh.al\/en\/deklarate-per-shtyp-e-bordit-te-presidences-se-religions-for-peace-europe\/\"><img loading=\"lazy\" decoding=\"async\" width=\"360\" height=\"220\" src=\"https:\/\/knfsh.al\/wp-content\/uploads\/2025\/07\/simple-logo-360x220.png\" class=\"rt-img-responsive\" alt=\"\" \/><\/a><\/div><div class='rt-detail'><h2 class=\"entry-title\"><a data-id=\"2814\" class=\"\" href=\"http:\/\/knfsh.al\/en\/deklarate-per-shtyp-e-bordit-te-presidences-se-religions-for-peace-europe\/\">Deklarat\u00eb p\u00ebr shtyp e Bordit t\u00eb Presidenc\u00ebs s\u00eb Religions for Peace Europe<\/a><\/h2><div class='post-meta-user'><span class='date'><i class='far fa-calendar-alt'><\/i>July 20, 2025<\/span><\/div><div class='tpg-excerpt'>Potsdam, Gjermani \u2013 16 Korrik 2025 Ne, an\u00ebtar\u00ebt e Bordit t\u00eb Presidenc\u00ebs s\u00eb Religions for Peace Europe, t\u00eb mbledhur n\u00eb Universitetin e Potsdamit m\u00eb 15\u201316 Korrik 2025, riafirmojm\u00eb solemnitetin e...<\/div><div class='post-meta'><span class='read-more'><a data-id='2814' class='' href='http:\/\/knfsh.al\/en\/deklarate-per-shtyp-e-bordit-te-presidences-se-religions-for-peace-europe\/'>Read More<\/a><\/span><\/div><\/div><\/div><\/div><\/div><\/div>\n<h2>Videos<\/h2>\n<div class=\"epyt-gallery\" data-currpage=\"1\" id=\"epyt_gallery_14029\"><div class=\"epyt-video-wrapper\"><iframe loading=\"lazy\"  id=\"_ytid_44471\"  width=\"900\" height=\"506\"  data-origwidth=\"900\" data-origheight=\"506\" src=\"https:\/\/www.youtube.com\/embed\/iVLooYwDEGI?enablejsapi=1&autoplay=0&cc_load_policy=0&cc_lang_pref=&iv_load_policy=1&loop=0&rel=0&fs=1&playsinline=0&autohide=2&theme=dark&color=red&controls=1&disablekb=0&\" class=\"__youtube_prefs__  no-lazyload\" title=\"YouTube player\"  data-epytgalleryid=\"epyt_gallery_14029\"  allow=\"fullscreen; accelerometer; autoplay; clipboard-write; encrypted-media; gyroscope; picture-in-picture; web-share\" referrerpolicy=\"strict-origin-when-cross-origin\" allowfullscreen data-no-lazy=\"1\" data-skipgform_ajax_framebjll=\"\"><\/iframe><\/div><div class=\"epyt-gallery-list\"><div class=\"epyt-pagination\"><div tabindex=\"0\" role=\"button\" class=\"epyt-pagebutton epyt-prev  hide\" data-playlistid=\"UUQ7-2atEPiF5p2pBDiugfGg\" data-pagesize=\"6\" data-pagetoken=\"\" data-epcolumns=\"3\" data-showtitle=\"1\" data-showpaging=\"1\" data-autonext=\"0\" data-thumbplay=\"1\"><div class=\"epyt-arrow\">&laquo;<\/div> <div>Prev<\/div><\/div><div class=\"epyt-pagenumbers\"><div class=\"epyt-current\">1<\/div><div class=\"epyt-pageseparator\"> \/ <\/div><div class=\"epyt-totalpages\">6<\/div><\/div><div tabindex=\"0\" role=\"button\" class=\"epyt-pagebutton epyt-next\" data-playlistid=\"UUQ7-2atEPiF5p2pBDiugfGg\" data-pagesize=\"6\" data-pagetoken=\"EAAaHlBUOkNBWWlFRFV6TWtKQ01FSTBNakpHUWtNM1JVTQ\" data-epcolumns=\"3\" data-showtitle=\"1\" data-showpaging=\"1\" data-autonext=\"0\" data-thumbplay=\"1\"><div>Next<\/div> <div class=\"epyt-arrow\">&raquo;<\/div><\/div><div class=\"epyt-loader\"><img loading=\"lazy\" decoding=\"async\" alt=\"loading\" width=\"16\" height=\"11\" src=\"http:\/\/knfsh.al\/wp-content\/plugins\/youtube-embed-plus\/images\/gallery-page-loader.gif\"><\/div><\/div><div class=\"epyt-gallery-allthumbs  epyt-cols-3\"><div tabindex=\"0\" role=\"button\" data-videoid=\"iVLooYwDEGI\" class=\"epyt-gallery-thumb\"><div class=\"epyt-gallery-img-box\"><div class=\"epyt-gallery-img\" style=\"background-image: url(https:\/\/i.ytimg.com\/vi\/iVLooYwDEGI\/hqdefault.jpg)\"><div class=\"epyt-gallery-playhover\"><img loading=\"lazy\" decoding=\"async\" alt=\"play\" class=\"epyt-play-img\" width=\"30\" height=\"23\" src=\"http:\/\/knfsh.al\/wp-content\/plugins\/youtube-embed-plus\/images\/playhover.png\" data-no-lazy=\"1\" data-skipgform_ajax_framebjll=\"\" \/><div class=\"epyt-gallery-playcrutch\"><\/div><\/div><\/div><\/div><div class=\"epyt-gallery-title\">Some messages from Department of Youth and Women in Albania Interreligious Council<\/div><\/div><div tabindex=\"0\" role=\"button\" data-videoid=\"NiqjznD3-yI\" class=\"epyt-gallery-thumb\"><div class=\"epyt-gallery-img-box\"><div class=\"epyt-gallery-img\" style=\"background-image: url(https:\/\/i.ytimg.com\/vi\/NiqjznD3-yI\/hqdefault.jpg)\"><div class=\"epyt-gallery-playhover\"><img loading=\"lazy\" decoding=\"async\" alt=\"play\" class=\"epyt-play-img\" width=\"30\" height=\"23\" src=\"http:\/\/knfsh.al\/wp-content\/plugins\/youtube-embed-plus\/images\/playhover.png\" data-no-lazy=\"1\" data-skipgform_ajax_framebjll=\"\" \/><div class=\"epyt-gallery-playcrutch\"><\/div><\/div><\/div><\/div><div class=\"epyt-gallery-title\">K\u00ebshilli Nd\u00ebrfetar i Shqip\u00ebris\u00eb organizon Forum Nd\u00ebrfetar n\u00eb Gjirokast\u00ebr<\/div><\/div><div tabindex=\"0\" role=\"button\" data-videoid=\"DIDA8zv3JXY\" class=\"epyt-gallery-thumb\"><div class=\"epyt-gallery-img-box\"><div class=\"epyt-gallery-img\" style=\"background-image: url(https:\/\/i.ytimg.com\/vi\/DIDA8zv3JXY\/hqdefault.jpg)\"><div class=\"epyt-gallery-playhover\"><img loading=\"lazy\" decoding=\"async\" alt=\"play\" class=\"epyt-play-img\" width=\"30\" height=\"23\" src=\"http:\/\/knfsh.al\/wp-content\/plugins\/youtube-embed-plus\/images\/playhover.png\" data-no-lazy=\"1\" data-skipgform_ajax_framebjll=\"\" \/><div class=\"epyt-gallery-playcrutch\"><\/div><\/div><\/div><\/div><div class=\"epyt-gallery-title\">KNFSH zhvillon Forum Nd\u00ebrfetar n\u00eb Gjirokast\u00ebr<\/div><\/div><div class=\"epyt-gallery-rowbreak\"><\/div><div tabindex=\"0\" role=\"button\" data-videoid=\"dzHsmc0DU_Y\" class=\"epyt-gallery-thumb\"><div class=\"epyt-gallery-img-box\"><div class=\"epyt-gallery-img\" style=\"background-image: url(https:\/\/i.ytimg.com\/vi\/dzHsmc0DU_Y\/hqdefault.jpg)\"><div class=\"epyt-gallery-playhover\"><img loading=\"lazy\" decoding=\"async\" alt=\"play\" class=\"epyt-play-img\" width=\"30\" height=\"23\" src=\"http:\/\/knfsh.al\/wp-content\/plugins\/youtube-embed-plus\/images\/playhover.png\" data-no-lazy=\"1\" data-skipgform_ajax_framebjll=\"\" \/><div class=\"epyt-gallery-playcrutch\"><\/div><\/div><\/div><\/div><div class=\"epyt-gallery-title\">Konferenca Nd\u00ebrkomb\u00ebtare dhe Nd\u00ebrfetare \u201cV\u00ebllaz\u00ebria n\u00eb Humaniz\u00ebm\u201d<\/div><\/div><div tabindex=\"0\" role=\"button\" data-videoid=\"e3xI7yU4mv4\" class=\"epyt-gallery-thumb\"><div class=\"epyt-gallery-img-box\"><div class=\"epyt-gallery-img\" style=\"background-image: url(https:\/\/i.ytimg.com\/vi\/e3xI7yU4mv4\/hqdefault.jpg)\"><div class=\"epyt-gallery-playhover\"><img loading=\"lazy\" decoding=\"async\" alt=\"play\" class=\"epyt-play-img\" width=\"30\" height=\"23\" src=\"http:\/\/knfsh.al\/wp-content\/plugins\/youtube-embed-plus\/images\/playhover.png\" data-no-lazy=\"1\" data-skipgform_ajax_framebjll=\"\" \/><div class=\"epyt-gallery-playcrutch\"><\/div><\/div><\/div><\/div><div class=\"epyt-gallery-title\">IRCA participated in Lindau Conference, October, 3-7, 2021<\/div><\/div><div tabindex=\"0\" role=\"button\" data-videoid=\"RFUVt4IUqD8\" class=\"epyt-gallery-thumb\"><div class=\"epyt-gallery-img-box\"><div class=\"epyt-gallery-img\" style=\"background-image: url(https:\/\/i.ytimg.com\/vi\/RFUVt4IUqD8\/hqdefault.jpg)\"><div class=\"epyt-gallery-playhover\"><img loading=\"lazy\" decoding=\"async\" alt=\"play\" class=\"epyt-play-img\" width=\"30\" height=\"23\" src=\"http:\/\/knfsh.al\/wp-content\/plugins\/youtube-embed-plus\/images\/playhover.png\" data-no-lazy=\"1\" data-skipgform_ajax_framebjll=\"\" \/><div class=\"epyt-gallery-playcrutch\"><\/div><\/div><\/div><\/div><div class=\"epyt-gallery-title\">History of IRCA<\/div><\/div><div class=\"epyt-gallery-rowbreak\"><\/div><div class=\"epyt-gallery-clear\"><\/div><\/div><div class=\"epyt-pagination\"><div tabindex=\"0\" role=\"button\" class=\"epyt-pagebutton epyt-prev  hide\" data-playlistid=\"UUQ7-2atEPiF5p2pBDiugfGg\" data-pagesize=\"6\" data-pagetoken=\"\" data-epcolumns=\"3\" data-showtitle=\"1\" data-showpaging=\"1\" data-autonext=\"0\" data-thumbplay=\"1\"><div class=\"epyt-arrow\">&laquo;<\/div> <div>Prev<\/div><\/div><div class=\"epyt-pagenumbers\"><div class=\"epyt-current\">1<\/div><div class=\"epyt-pageseparator\"> \/ <\/div><div class=\"epyt-totalpages\">6<\/div><\/div><div tabindex=\"0\" role=\"button\" class=\"epyt-pagebutton epyt-next\" data-playlistid=\"UUQ7-2atEPiF5p2pBDiugfGg\" data-pagesize=\"6\" data-pagetoken=\"EAAaHlBUOkNBWWlFRFV6TWtKQ01FSTBNakpHUWtNM1JVTQ\" data-epcolumns=\"3\" data-showtitle=\"1\" data-showpaging=\"1\" data-autonext=\"0\" data-thumbplay=\"1\"><div>Next<\/div> <div class=\"epyt-arrow\">&raquo;<\/div><\/div><div class=\"epyt-loader\"><img loading=\"lazy\" decoding=\"async\" alt=\"loading\" width=\"16\" height=\"11\" src=\"http:\/\/knfsh.al\/wp-content\/plugins\/youtube-embed-plus\/images\/gallery-page-loader.gif\"><\/div><\/div><\/div><\/div>","protected":false},"excerpt":{"rendered":"<p>Mir\u00ebsevini n\u00eb faqen e K\u00ebshillit Nd\u00ebrfetar t\u00eb Shqip\u00ebris\u00eb K\u00ebshilli Nd\u00ebrfetar i Shqip\u00ebris\u00eb \u00ebsht\u00eb themeluar m\u00eb 22 tetor 2007 nga krer\u00ebt e komuniteteve tradicionale fetare n\u00eb Shqip\u00ebri, Komuniteti Mysliman i Shqip\u00ebris\u00eb,&#8230;<\/p>","protected":false},"author":1,"featured_media":0,"parent":0,"menu_order":0,"comment_status":"closed","ping_status":"closed","template":"page-home.php","meta":{"footnotes":""},"class_list":["post-20","page","type-page","status-publish","hentry"],"rttpg_featured_image_url":null,"rttpg_author":{"display_name":"knfsh","author_link":"http:\/\/knfsh.al\/en\/author\/elite\/"},"rttpg_comment":0,"rttpg_category":"","rttpg_excerpt":"Mir\u00ebsevini n\u00eb faqen e K\u00ebshillit Nd\u00ebrfetar t\u00eb Shqip\u00ebris\u00eb K\u00ebshilli Nd\u00ebrfetar i Shqip\u00ebris\u00eb \u00ebsht\u00eb themeluar m\u00eb 22 tetor 2007 nga krer\u00ebt e komuniteteve tradicionale fetare n\u00eb Shqip\u00ebri, Komuniteti Mysliman i Shqip\u00ebris\u00eb,...","_links":{"self":[{"href":"http:\/\/knfsh.al\/en\/wp-json\/wp\/v2\/pages\/20","targetHints":{"allow":["GET"]}}],"collection":[{"href":"http:\/\/knfsh.al\/en\/wp-json\/wp\/v2\/pages"}],"about":[{"href":"http:\/\/knfsh.al\/en\/wp-json\/wp\/v2\/types\/page"}],"author":[{"embeddable":true,"href":"http:\/\/knfsh.al\/en\/wp-json\/wp\/v2\/users\/1"}],"replies":[{"embeddable":true,"href":"http:\/\/knfsh.al\/en\/wp-json\/wp\/v2\/comments?post=20"}],"version-history":[{"count":32,"href":"http:\/\/knfsh.al\/en\/wp-json\/wp\/v2\/pages\/20\/revisions"}],"predecessor-version":[{"id":2991,"href":"http:\/\/knfsh.al\/en\/wp-json\/wp\/v2\/pages\/20\/revisions\/2991"}],"wp:attachment":[{"href":"http:\/\/knfsh.al\/en\/wp-json\/wp\/v2\/media?parent=20"}],"curies":[{"name":"wp","href":"https:\/\/api.w.org\/{rel}","templated":true}]}}